{"id":4528,"date":"2015-06-29T23:01:13","date_gmt":"2015-06-29T23:01:13","guid":{"rendered":"https:\/\/admirainteriors.com\/blog\/"},"modified":"2024-04-04T09:36:32","modified_gmt":"2024-04-04T09:36:32","slug":"blog","status":"publish","type":"page","link":"https:\/\/admirainteriors.com\/ca\/blog\/","title":{"rendered":"Blog"},"content":{"rendered":"<div class=\"fusion-fullwidth fullwidth-box fusion-builder-row-1 fusion-flex-container hundred-percent-fullwidth non-hundred-percent-height-scrolling\" style=\"--awb-border-radius-top-left:0px;--awb-border-radius-top-right:0px;--awb-border-radius-bottom-right:0px;--awb-border-radius-bottom-left:0px;--awb-overflow:visible;--awb-flex-wrap:wrap;\" ><div class=\"fusion-builder-row fusion-row fusion-flex-align-items-flex-start fusion-flex-content-wrap\" style=\"width:104% !important;max-width:104% !important;margin-left: calc(-4% \/ 2 );margin-right: calc(-4% \/ 2 );\"><div class=\"fusion-layout-column fusion_builder_column fusion-builder-column-0 fusion_builder_column_1_1 1_1 fusion-flex-column fusion-flex-align-self-flex-start fusion-column-no-min-height\" style=\"--awb-padding-top:50px;--awb-bg-blend:overlay;--awb-bg-size:cover;--awb-width-large:100%;--awb-margin-top-large:0px;--awb-spacing-right-large:1.92%;--awb-margin-bottom-large:0px;--awb-spacing-left-large:1.92%;--awb-width-medium:100%;--awb-spacing-right-medium:1.92%;--awb-spacing-left-medium:1.92%;--awb-width-small:100%;--awb-spacing-right-small:1.92%;--awb-spacing-left-small:1.92%;\"><div class=\"fusion-column-wrapper fusion-flex-justify-content-flex-start fusion-content-layout-column\"><div class=\"fusion-blog-shortcode fusion-blog-shortcode-1 fusion-blog-archive fusion-blog-layout-medium fusion-blog-pagination\"><div class=\"fusion-posts-container fusion-posts-container-pagination fusion-no-meta-info fusion-blog-rollover\" data-pages=\"1\"><article id=\"blog-1-post-4531\" class=\"fusion-post-medium post-4531 post type-post status-publish format-standard has-post-thumbnail hentry category-blog-ca\">\n\t<style type=\"text\/css\">\n\t\t\n\t\t\n\t\t\n\t\t\n\t\t\t<\/style>\n\n\n\t\t\t<div class=\"fusion-flexslider flexslider fusion-flexslider-loading fusion-post-slideshow\" style=\"\">\n\t\t<ul class=\"slides\">\n\t\t\t\n\t\t\t\t\t\t\t\t\t\t\t\t\t\t<li><div  class=\"fusion-image-wrapper fusion-image-size-fixed\" aria-haspopup=\"true\">\n\t\t\t\t<img decoding=\"async\" width=\"320\" height=\"202\" src=\"https:\/\/admirainteriors.com\/wp-content\/uploads\/2024\/03\/Captura-de-Pantalla-2024-03-12-a-las-9.19.27-320x202.png\" class=\"attachment-blog-medium size-blog-medium wp-post-image\" alt=\"\" \/><div class=\"fusion-rollover\">\n\t<div class=\"fusion-rollover-content\">\n\n\t\t\t\t\t\t\t\t\t\t\t\t\t\t<a class=\"fusion-rollover-link\" href=\"https:\/\/admirainteriors.com\/ca\/descubre-nuestros-servicios-de-cortinajes-y-mobiliario-transforma-tu-hogar-con-estilo\/\">Els nostres Serveis de Cortinatges i Mobiliari: Transforma la teva Llar amb Estil<\/a>\n\t\t\t\n\t\t\t\t\t\t\t\t\t\t\t\t\t\t\n\t\t\t\t\t\t\t\t\n\t\t\t\t\t\t\t\t\t\t\t\t\t<div class=\"fusion-rollover-sep\"><\/div>\n\t\t\t\t\n\t\t\t\t\t\t\t\t\t\t\t\t\t\t\t\t\t\t<a class=\"fusion-rollover-gallery\" href=\"https:\/\/admirainteriors.com\/wp-content\/uploads\/2024\/03\/Captura-de-Pantalla-2024-03-12-a-las-9.19.27.png\" data-id=\"4531\" data-rel=\"iLightbox[gallery]\" data-title=\"Captura de Pantalla 2024-03-12 a las 9.19.27\" data-caption=\"\">\n\t\t\t\t\t\tGallery\t\t\t\t\t<\/a>\n\t\t\t\t\t\t\t\t\t\t\t\t\t\t\n\t\t\n\t\t\t\t\t\t\t\t\t\t\t\t<h4 class=\"fusion-rollover-title\">\n\t\t\t\t\t<a class=\"fusion-rollover-title-link\" href=\"https:\/\/admirainteriors.com\/ca\/descubre-nuestros-servicios-de-cortinajes-y-mobiliario-transforma-tu-hogar-con-estilo\/\">\n\t\t\t\t\t\tEls nostres Serveis de Cortinatges i Mobiliari: Transforma la teva Llar amb Estil\t\t\t\t\t<\/a>\n\t\t\t\t<\/h4>\n\t\t\t\n\t\t\t\t\t\t\t\t\t\t<div class=\"fusion-rollover-categories\"><a href=\"https:\/\/admirainteriors.com\/ca\/categoria-portafolio\/blog-ca\/\" rel=\"tag\">Blog<\/a><\/div>\t\t\t\t\t\n\t\t\n\t\t\t\t\t\t<a class=\"fusion-link-wrapper\" href=\"https:\/\/admirainteriors.com\/ca\/descubre-nuestros-servicios-de-cortinajes-y-mobiliario-transforma-tu-hogar-con-estilo\/\" aria-label=\"Els nostres Serveis de Cortinatges i Mobiliari: Transforma la teva Llar amb Estil\"><\/a>\n\t<\/div>\n<\/div>\n<\/div>\n<\/li>\n\t\t\t\n\t\t\t\n\t\t\t\t\t\t\t\t\t\t\t\t\t\t\t\t\t\t\t\t\t\t\t\t\t\t\t\t\t\t\t\t\t\t\t\t\t\t\t\t\t\t\t\t\t\t\t\t\t\t\t\t\t\t\t\t\t\t\t\t\t\t\t\t\t\t\t\t<\/ul>\n\t<\/div>\n\t<div class=\"fusion-post-content post-content\"><h2 class=\"blog-shortcode-post-title entry-title\"><a href=\"https:\/\/admirainteriors.com\/ca\/descubre-nuestros-servicios-de-cortinajes-y-mobiliario-transforma-tu-hogar-con-estilo\/\">Els nostres Serveis de Cortinatges i Mobiliari: Transforma la teva Llar amb Estil<\/a><\/h2><div class=\"fusion-post-content-container\"><p> A \u00a0ADMIRA INTERIORS, ens enorgulleix oferir una \u00e0mplia gamma de serveis dissenyats per ajudar-te a crear la llar dels teus somnis. Des d'interiorisme i restyling fins a home staging i consultoria, ens esforcem per brindar solucions completes per a cada necessitat de disseny. Avui, volem destacar especialment els nostres serveis de cortinatges i mobiliari, on trobar [...]<\/p><\/div><\/div><div class=\"fusion-clearfix\"><\/div><\/article>\n<article id=\"blog-1-post-4534\" class=\"fusion-post-medium post-4534 post type-post status-publish format-standard has-post-thumbnail hentry category-blog-ca\">\n\t<style type=\"text\/css\">\n\t\t\n\t\t\n\t\t\n\t\t\n\t\t\t<\/style>\n\n\n\t\t\t<div class=\"fusion-flexslider flexslider fusion-flexslider-loading fusion-post-slideshow\" style=\"\">\n\t\t<ul class=\"slides\">\n\t\t\t\n\t\t\t\t\t\t\t\t\t\t\t\t\t\t<li><div  class=\"fusion-image-wrapper fusion-image-size-fixed\" aria-haspopup=\"true\">\n\t\t\t\t<img decoding=\"async\" width=\"320\" height=\"202\" src=\"https:\/\/admirainteriors.com\/wp-content\/uploads\/2024\/02\/Eclectico-1-320x202.jpg\" class=\"attachment-blog-medium size-blog-medium wp-post-image\" alt=\"\" srcset=\"https:\/\/admirainteriors.com\/wp-content\/uploads\/2024\/02\/Eclectico-1-320x202.jpg 320w, https:\/\/admirainteriors.com\/wp-content\/uploads\/2024\/02\/Eclectico-1-700x441.jpg 700w\" sizes=\"(max-width: 320px) 100vw, 320px\" \/><div class=\"fusion-rollover\">\n\t<div class=\"fusion-rollover-content\">\n\n\t\t\t\t\t\t\t\t\t\t\t\t\t\t<a class=\"fusion-rollover-link\" href=\"https:\/\/admirainteriors.com\/ca\/tendencias-de-interiorismo-del-2024-inspiracion-para-tu-hogar\/\">Tend\u00e8ncies d&#8217;Interiorisme del 2024: Inspiraci\u00f3 per a la teva Llar<\/a>\n\t\t\t\n\t\t\t\t\t\t\t\t\t\t\t\t\t\t\n\t\t\t\t\t\t\t\t\n\t\t\t\t\t\t\t\t\t\t\t\t\t<div class=\"fusion-rollover-sep\"><\/div>\n\t\t\t\t\n\t\t\t\t\t\t\t\t\t\t\t\t\t\t\t\t\t\t<a class=\"fusion-rollover-gallery\" href=\"https:\/\/admirainteriors.com\/wp-content\/uploads\/2024\/02\/Eclectico-1-scaled.jpg\" data-id=\"4534\" data-rel=\"iLightbox[gallery]\" data-title=\"Eclectico 1\" data-caption=\"\">\n\t\t\t\t\t\tGallery\t\t\t\t\t<\/a>\n\t\t\t\t\t\t\t\t\t\t\t\t\t\t\n\t\t\n\t\t\t\t\t\t\t\t\t\t\t\t<h4 class=\"fusion-rollover-title\">\n\t\t\t\t\t<a class=\"fusion-rollover-title-link\" href=\"https:\/\/admirainteriors.com\/ca\/tendencias-de-interiorismo-del-2024-inspiracion-para-tu-hogar\/\">\n\t\t\t\t\t\tTend\u00e8ncies d&#8217;Interiorisme del 2024: Inspiraci\u00f3 per a la teva Llar\t\t\t\t\t<\/a>\n\t\t\t\t<\/h4>\n\t\t\t\n\t\t\t\t\t\t\t\t\t\t<div class=\"fusion-rollover-categories\"><a href=\"https:\/\/admirainteriors.com\/ca\/categoria-portafolio\/blog-ca\/\" rel=\"tag\">Blog<\/a><\/div>\t\t\t\t\t\n\t\t\n\t\t\t\t\t\t<a class=\"fusion-link-wrapper\" href=\"https:\/\/admirainteriors.com\/ca\/tendencias-de-interiorismo-del-2024-inspiracion-para-tu-hogar\/\" aria-label=\"Tend\u00e8ncies d&#8217;Interiorisme del 2024: Inspiraci\u00f3 per a la teva Llar\"><\/a>\n\t<\/div>\n<\/div>\n<\/div>\n<\/li>\n\t\t\t\n\t\t\t\n\t\t\t\t\t\t\t\t\t\t\t\t\t\t\t\t\t\t\t\t\t\t\t\t\t\t\t\t\t\t\t\t\t\t\t\t\t\t\t\t\t\t\t\t\t\t\t\t\t\t\t\t\t\t\t\t\t\t\t\t\t\t\t\t\t\t\t\t<\/ul>\n\t<\/div>\n\t<div class=\"fusion-post-content post-content\"><h2 class=\"blog-shortcode-post-title entry-title\"><a href=\"https:\/\/admirainteriors.com\/ca\/tendencias-de-interiorismo-del-2024-inspiracion-para-tu-hogar\/\">Tend\u00e8ncies d&#8217;Interiorisme del 2024: Inspiraci\u00f3 per a la teva Llar<\/a><\/h2><div class=\"fusion-post-content-container\"><p> e n aquest article, ens submergirem en algunes de les tend\u00e8ncies m\u00e9s emocionants que estan donant forma al m\u00f3n del disseny dinteriors aquest any. A ADMIRA INTERIORS, no nom\u00e9s seguim aquestes tend\u00e8ncies, sin\u00f3 que tamb\u00e9 les adaptem a les necessitats i gustos \u00fanics de cada client, oferint una gamma completa de serveis que inclouen interiorisme, restyling, [...]<\/p><\/div><\/div><div class=\"fusion-clearfix\"><\/div><\/article>\n<article id=\"blog-1-post-4537\" class=\"fusion-post-medium post-4537 post type-post status-publish format-standard has-post-thumbnail hentry category-blog-ca\">\n\t<style type=\"text\/css\">\n\t\t\n\t\t\n\t\t\n\t\t\n\t\t\t<\/style>\n\n\n\t\t\t<div class=\"fusion-flexslider flexslider fusion-flexslider-loading fusion-post-slideshow\" style=\"\">\n\t\t<ul class=\"slides\">\n\t\t\t\n\t\t\t\t\t\t\t\t\t\t\t\t\t\t<li><div  class=\"fusion-image-wrapper fusion-image-size-fixed\" aria-haspopup=\"true\">\n\t\t\t\t<img decoding=\"async\" width=\"320\" height=\"202\" src=\"https:\/\/admirainteriors.com\/wp-content\/uploads\/2024\/01\/FOTO-7-1-320x202.jpg\" class=\"attachment-blog-medium size-blog-medium wp-post-image\" alt=\"\" \/><div class=\"fusion-rollover\">\n\t<div class=\"fusion-rollover-content\">\n\n\t\t\t\t\t\t\t\t\t\t\t\t\t\t<a class=\"fusion-rollover-link\" href=\"https:\/\/admirainteriors.com\/ca\/descubre-tu-estilo-decorativo\/\">Descobreix el teu estil decoratiu<\/a>\n\t\t\t\n\t\t\t\t\t\t\t\t\t\t\t\t\t\t\n\t\t\t\t\t\t\t\t\n\t\t\t\t\t\t\t\t\t\t\t\t\t<div class=\"fusion-rollover-sep\"><\/div>\n\t\t\t\t\n\t\t\t\t\t\t\t\t\t\t\t\t\t\t\t\t\t\t<a class=\"fusion-rollover-gallery\" href=\"https:\/\/admirainteriors.com\/wp-content\/uploads\/2024\/01\/FOTO-7-1.jpg\" data-id=\"4537\" data-rel=\"iLightbox[gallery]\" data-title=\"FOTO 7\" data-caption=\"\">\n\t\t\t\t\t\tGallery\t\t\t\t\t<\/a>\n\t\t\t\t\t\t\t\t\t\t\t\t\t\t\n\t\t\n\t\t\t\t\t\t\t\t\t\t\t\t<h4 class=\"fusion-rollover-title\">\n\t\t\t\t\t<a class=\"fusion-rollover-title-link\" href=\"https:\/\/admirainteriors.com\/ca\/descubre-tu-estilo-decorativo\/\">\n\t\t\t\t\t\tDescobreix el teu estil decoratiu\t\t\t\t\t<\/a>\n\t\t\t\t<\/h4>\n\t\t\t\n\t\t\t\t\t\t\t\t\t\t<div class=\"fusion-rollover-categories\"><a href=\"https:\/\/admirainteriors.com\/ca\/categoria-portafolio\/blog-ca\/\" rel=\"tag\">Blog<\/a><\/div>\t\t\t\t\t\n\t\t\n\t\t\t\t\t\t<a class=\"fusion-link-wrapper\" href=\"https:\/\/admirainteriors.com\/ca\/descubre-tu-estilo-decorativo\/\" aria-label=\"Descobreix el teu estil decoratiu\"><\/a>\n\t<\/div>\n<\/div>\n<\/div>\n<\/li>\n\t\t\t\n\t\t\t\n\t\t\t\t\t\t\t\t\t\t\t\t\t\t\t\t\t\t\t\t\t\t\t\t\t\t\t\t\t\t\t\t\t\t\t\t\t\t\t\t\t\t\t\t\t\t\t\t\t\t\t\t\t\t\t\t\t\t\t\t\t\t\t\t\t\t\t\t<\/ul>\n\t<\/div>\n\t<div class=\"fusion-post-content post-content\"><h2 class=\"blog-shortcode-post-title entry-title\"><a href=\"https:\/\/admirainteriors.com\/ca\/descubre-tu-estilo-decorativo\/\">Descobreix el teu estil decoratiu<\/a><\/h2><div class=\"fusion-post-content-container\"><p> A l m\u00f3n del disseny d'interiors, la decoraci\u00f3 \u00e9s la manifestaci\u00f3 de la individualitat i la creativitat. Cada llar compta amb la seva pr\u00f2pia narrativa estil\u00edstica, i per a aquells que busquen donar forma al seu espai de manera \u00fanica, l'elecci\u00f3 de l'estil decoratiu \u00e9s clau. En aquesta entrada ens submergim en un viatge d'inspiraci\u00f3 a [...]<\/p><\/div><\/div><div class=\"fusion-clearfix\"><\/div><\/article>\n<article id=\"blog-1-post-4541\" class=\"fusion-post-medium post-4541 post type-post status-publish format-standard has-post-thumbnail hentry category-blog-ca\">\n\t<style type=\"text\/css\">\n\t\t\n\t\t\n\t\t\n\t\t\n\t\t\t<\/style>\n\n\n\t\t\t<div class=\"fusion-flexslider flexslider fusion-flexslider-loading fusion-post-slideshow\" style=\"\">\n\t\t<ul class=\"slides\">\n\t\t\t\n\t\t\t\t\t\t\t\t\t\t\t\t\t\t<li><div  class=\"fusion-image-wrapper fusion-image-size-fixed\" aria-haspopup=\"true\">\n\t\t\t\t<img decoding=\"async\" width=\"320\" height=\"202\" src=\"https:\/\/admirainteriors.com\/wp-content\/uploads\/2024\/01\/Pantone6-min-1-320x202.jpg\" class=\"attachment-blog-medium size-blog-medium wp-post-image\" alt=\"\" srcset=\"https:\/\/admirainteriors.com\/wp-content\/uploads\/2024\/01\/Pantone6-min-1-320x202.jpg 320w, https:\/\/admirainteriors.com\/wp-content\/uploads\/2024\/01\/Pantone6-min-1-700x441.jpg 700w\" sizes=\"(max-width: 320px) 100vw, 320px\" \/><div class=\"fusion-rollover\">\n\t<div class=\"fusion-rollover-content\">\n\n\t\t\t\t\t\t\t\t\t\t\t\t\t\t<a class=\"fusion-rollover-link\" href=\"https:\/\/admirainteriors.com\/ca\/color-pantone-2024-peach-is-back\/\">Color Pantone 2024, Peach is back<\/a>\n\t\t\t\n\t\t\t\t\t\t\t\t\t\t\t\t\t\t\n\t\t\t\t\t\t\t\t\n\t\t\t\t\t\t\t\t\t\t\t\t\t<div class=\"fusion-rollover-sep\"><\/div>\n\t\t\t\t\n\t\t\t\t\t\t\t\t\t\t\t\t\t\t\t\t\t\t<a class=\"fusion-rollover-gallery\" href=\"https:\/\/admirainteriors.com\/wp-content\/uploads\/2024\/01\/Pantone6-min-1.jpg\" data-id=\"4541\" data-rel=\"iLightbox[gallery]\" data-title=\"Pantone6-min\" data-caption=\"\">\n\t\t\t\t\t\tGallery\t\t\t\t\t<\/a>\n\t\t\t\t\t\t\t\t\t\t\t\t\t\t\n\t\t\n\t\t\t\t\t\t\t\t\t\t\t\t<h4 class=\"fusion-rollover-title\">\n\t\t\t\t\t<a class=\"fusion-rollover-title-link\" href=\"https:\/\/admirainteriors.com\/ca\/color-pantone-2024-peach-is-back\/\">\n\t\t\t\t\t\tColor Pantone 2024, Peach is back\t\t\t\t\t<\/a>\n\t\t\t\t<\/h4>\n\t\t\t\n\t\t\t\t\t\t\t\t\t\t<div class=\"fusion-rollover-categories\"><a href=\"https:\/\/admirainteriors.com\/ca\/categoria-portafolio\/blog-ca\/\" rel=\"tag\">Blog<\/a><\/div>\t\t\t\t\t\n\t\t\n\t\t\t\t\t\t<a class=\"fusion-link-wrapper\" href=\"https:\/\/admirainteriors.com\/ca\/color-pantone-2024-peach-is-back\/\" aria-label=\"Color Pantone 2024, Peach is back\"><\/a>\n\t<\/div>\n<\/div>\n<\/div>\n<\/li>\n\t\t\t\n\t\t\t\n\t\t\t\t\t\t\t\t\t\t\t\t\t\t\t\t\t\t\t\t\t\t\t\t\t\t\t\t\t\t\t\t\t\t\t\t\t\t\t\t\t\t\t\t\t\t\t\t\t\t\t\t\t\t\t\t\t\t\t\t\t\t\t\t\t\t\t\t<\/ul>\n\t<\/div>\n\t<div class=\"fusion-post-content post-content\"><h2 class=\"blog-shortcode-post-title entry-title\"><a href=\"https:\/\/admirainteriors.com\/ca\/color-pantone-2024-peach-is-back\/\">Color Pantone 2024, Peach is back<\/a><\/h2><div class=\"fusion-post-content-container\"><p> com no podia ser d'una altra manera, Pantone ens guia un any m\u00e9s mb la nostra paleta de colors. El color pr\u00e9ssec, per\u00f2 en la modalitat neutra. Aquest tipus de colors es recomanen utilitzar amb tocs puntuals, a la decoraci\u00f3 o alguns t\u00e8xtils. Si optem per pintar parets, es recomana nom\u00e9s en alguna zona concreta per [...]<\/p><\/div><\/div><div class=\"fusion-clearfix\"><\/div><\/article>\n<article id=\"blog-1-post-4543\" class=\"fusion-post-medium post-4543 post type-post status-publish format-standard has-post-thumbnail hentry category-blog-ca\">\n\t<style type=\"text\/css\">\n\t\t\n\t\t\n\t\t\n\t\t\n\t\t\t<\/style>\n\n\n\t\t\t<div class=\"fusion-flexslider flexslider fusion-flexslider-loading fusion-post-slideshow\" style=\"\">\n\t\t<ul class=\"slides\">\n\t\t\t\n\t\t\t\t\t\t\t\t\t\t\t\t\t\t<li><div  class=\"fusion-image-wrapper fusion-image-size-fixed\" aria-haspopup=\"true\">\n\t\t\t\t<img decoding=\"async\" width=\"320\" height=\"202\" src=\"https:\/\/admirainteriors.com\/wp-content\/uploads\/2024\/01\/2-6-320x202.jpg\" class=\"attachment-blog-medium size-blog-medium wp-post-image\" alt=\"\" srcset=\"https:\/\/admirainteriors.com\/wp-content\/uploads\/2024\/01\/2-6-320x202.jpg 320w, https:\/\/admirainteriors.com\/wp-content\/uploads\/2024\/01\/2-6-700x441.jpg 700w\" sizes=\"(max-width: 320px) 100vw, 320px\" \/><div class=\"fusion-rollover\">\n\t<div class=\"fusion-rollover-content\">\n\n\t\t\t\t\t\t\t\t\t\t\t\t\t\t<a class=\"fusion-rollover-link\" href=\"https:\/\/admirainteriors.com\/ca\/home-staging-una-guia-para-principiantes\/\">Home Staging: una guia per a principiants<\/a>\n\t\t\t\n\t\t\t\t\t\t\t\t\t\t\t\t\t\t\n\t\t\t\t\t\t\t\t\n\t\t\t\t\t\t\t\t\t\t\t\t\t<div class=\"fusion-rollover-sep\"><\/div>\n\t\t\t\t\n\t\t\t\t\t\t\t\t\t\t\t\t\t\t\t\t\t\t<a class=\"fusion-rollover-gallery\" href=\"https:\/\/admirainteriors.com\/wp-content\/uploads\/2024\/01\/2-6-scaled.jpg\" data-id=\"4543\" data-rel=\"iLightbox[gallery]\" data-title=\"2\" data-caption=\"\">\n\t\t\t\t\t\tGallery\t\t\t\t\t<\/a>\n\t\t\t\t\t\t\t\t\t\t\t\t\t\t\n\t\t\n\t\t\t\t\t\t\t\t\t\t\t\t<h4 class=\"fusion-rollover-title\">\n\t\t\t\t\t<a class=\"fusion-rollover-title-link\" href=\"https:\/\/admirainteriors.com\/ca\/home-staging-una-guia-para-principiantes\/\">\n\t\t\t\t\t\tHome Staging: una guia per a principiants\t\t\t\t\t<\/a>\n\t\t\t\t<\/h4>\n\t\t\t\n\t\t\t\t\t\t\t\t\t\t<div class=\"fusion-rollover-categories\"><a href=\"https:\/\/admirainteriors.com\/ca\/categoria-portafolio\/blog-ca\/\" rel=\"tag\">Blog<\/a><\/div>\t\t\t\t\t\n\t\t\n\t\t\t\t\t\t<a class=\"fusion-link-wrapper\" href=\"https:\/\/admirainteriors.com\/ca\/home-staging-una-guia-para-principiantes\/\" aria-label=\"Home Staging: una guia per a principiants\"><\/a>\n\t<\/div>\n<\/div>\n<\/div>\n<\/li>\n\t\t\t\n\t\t\t\n\t\t\t\t\t\t\t\t\t\t\t\t\t\t\t\t\t\t\t\t\t\t\t\t\t\t\t\t\t\t\t\t\t\t\t\t\t\t\t\t\t\t\t\t\t\t\t\t\t\t\t\t\t\t\t\t\t\t\t\t\t\t\t\t\t\t\t\t<\/ul>\n\t<\/div>\n\t<div class=\"fusion-post-content post-content\"><h2 class=\"blog-shortcode-post-title entry-title\"><a href=\"https:\/\/admirainteriors.com\/ca\/home-staging-una-guia-para-principiantes\/\">Home Staging: una guia per a principiants<\/a><\/h2><div class=\"fusion-post-content-container\"><p> e ndre\u00e7ar una casa al mercat actual pot ser un repte, per\u00f2 fem que tot el proc\u00e9s sigui f\u00e0cil i sense estr\u00e8s. Les nostres estrat\u00e8gies de m\u00e0rqueting en profunditat asseguren que casa sigui vista per tants compradors potencials com sigui possible, el que es tradueix en una venda m\u00e9s r\u00e0pida alhora que maximitza els beneficis.  [...]<\/p><\/div><\/div><div class=\"fusion-clearfix\"><\/div><\/article>\n<article id=\"blog-1-post-4545\" class=\"fusion-post-medium post-4545 post type-post status-publish format-standard has-post-thumbnail hentry category-blog-ca\">\n\t<style type=\"text\/css\">\n\t\t\n\t\t\n\t\t\n\t\t\n\t\t\t<\/style>\n\n\n\t\t\t<div class=\"fusion-flexslider flexslider fusion-flexslider-loading fusion-post-slideshow\" style=\"\">\n\t\t<ul class=\"slides\">\n\t\t\t\n\t\t\t\t\t\t\t\t\t\t\t\t\t\t<li><div  class=\"fusion-image-wrapper fusion-image-size-fixed\" aria-haspopup=\"true\">\n\t\t\t\t<img decoding=\"async\" width=\"320\" height=\"202\" src=\"https:\/\/admirainteriors.com\/wp-content\/uploads\/2024\/01\/FOTO-7-1-320x202.jpg\" class=\"attachment-blog-medium size-blog-medium wp-post-image\" alt=\"\" \/><div class=\"fusion-rollover\">\n\t<div class=\"fusion-rollover-content\">\n\n\t\t\t\t\t\t\t\t\t\t\t\t\t\t<a class=\"fusion-rollover-link\" href=\"https:\/\/admirainteriors.com\/ca\/conoce-los-secretos-del-nordic-style\/\">Coneix els secrets del Nordic Style<\/a>\n\t\t\t\n\t\t\t\t\t\t\t\t\t\t\t\t\t\t\n\t\t\t\t\t\t\t\t\n\t\t\t\t\t\t\t\t\t\t\t\t\t<div class=\"fusion-rollover-sep\"><\/div>\n\t\t\t\t\n\t\t\t\t\t\t\t\t\t\t\t\t\t\t\t\t\t\t<a class=\"fusion-rollover-gallery\" href=\"https:\/\/admirainteriors.com\/wp-content\/uploads\/2024\/01\/FOTO-7-1.jpg\" data-id=\"4545\" data-rel=\"iLightbox[gallery]\" data-title=\"FOTO 7\" data-caption=\"\">\n\t\t\t\t\t\tGallery\t\t\t\t\t<\/a>\n\t\t\t\t\t\t\t\t\t\t\t\t\t\t\n\t\t\n\t\t\t\t\t\t\t\t\t\t\t\t<h4 class=\"fusion-rollover-title\">\n\t\t\t\t\t<a class=\"fusion-rollover-title-link\" href=\"https:\/\/admirainteriors.com\/ca\/conoce-los-secretos-del-nordic-style\/\">\n\t\t\t\t\t\tConeix els secrets del Nordic Style\t\t\t\t\t<\/a>\n\t\t\t\t<\/h4>\n\t\t\t\n\t\t\t\t\t\t\t\t\t\t<div class=\"fusion-rollover-categories\"><a href=\"https:\/\/admirainteriors.com\/ca\/categoria-portafolio\/blog-ca\/\" rel=\"tag\">Blog<\/a><\/div>\t\t\t\t\t\n\t\t\n\t\t\t\t\t\t<a class=\"fusion-link-wrapper\" href=\"https:\/\/admirainteriors.com\/ca\/conoce-los-secretos-del-nordic-style\/\" aria-label=\"Coneix els secrets del Nordic Style\"><\/a>\n\t<\/div>\n<\/div>\n<\/div>\n<\/li>\n\t\t\t\n\t\t\t\n\t\t\t\t\t\t\t\t\t\t\t\t\t\t\t\t\t\t\t\t\t\t\t\t\t\t\t\t\t\t\t\t\t\t\t\t\t\t\t\t\t\t\t\t\t\t\t\t\t\t\t\t\t\t\t\t\t\t\t\t\t\t\t\t\t\t\t\t<\/ul>\n\t<\/div>\n\t<div class=\"fusion-post-content post-content\"><h2 class=\"blog-shortcode-post-title entry-title\"><a href=\"https:\/\/admirainteriors.com\/ca\/conoce-los-secretos-del-nordic-style\/\">Coneix els secrets del Nordic Style<\/a><\/h2><div class=\"fusion-post-content-container\"><p> l 'estil N\u00f2rdic o Nordic Style neix a principis del segle XX, als pa\u00efsos del nord d'Europa, Noruega, Su\u00e8cia, Finl\u00e0ndia, Dinamarca. L\u00b4arquitectura i la decoraci\u00f3 d'aquests pa\u00efsos estan marcades per l'abs\u00e8ncia de llum. Aquesta \u00e9s la ra\u00f3 principal per la qual el blanc \u00e9s el color principal en aquest estil decoratiu. Trobarem colors m\u00e9s vius en [...]<\/p><\/div><\/div><div class=\"fusion-clearfix\"><\/div><\/article>\n<\/div><\/div><div class=\"fusion-separator fusion-full-width-sep\" style=\"align-self: center;margin-left: auto;margin-right: auto;margin-top:20px;margin-bottom:20px;width:100%;\"><\/div><\/div><\/div><\/div><\/div>\n","protected":false},"excerpt":{"rendered":"","protected":false},"author":1,"featured_media":0,"parent":0,"menu_order":0,"comment_status":"closed","ping_status":"open","template":"","meta":{"_joinchat":[],"footnotes":""},"class_list":["post-4528","page","type-page","status-publish","hentry"],"yoast_head":"<!-- This site is optimized with the Yoast SEO plugin v22.1 - https:\/\/yoast.com\/wordpress\/plugins\/seo\/ -->\n<title>Blog - Admira Interiors<\/title>\n<meta name=\"robots\" content=\"index, follow, max-snippet:-1, max-image-preview:large, max-video-preview:-1\" \/>\n<link rel=\"canonical\" href=\"https:\/\/admirainteriors.com\/ca\/blog\/\" \/>\n<meta property=\"og:locale\" content=\"ca_ES\" \/>\n<meta property=\"og:type\" content=\"article\" \/>\n<meta property=\"og:title\" content=\"Blog - Admira Interiors\" \/>\n<meta property=\"og:url\" content=\"https:\/\/admirainteriors.com\/ca\/blog\/\" \/>\n<meta property=\"og:site_name\" content=\"Admira Interiors\" \/>\n<meta property=\"article:modified_time\" content=\"2024-04-04T09:36:32+00:00\" \/>\n<meta name=\"twitter:card\" content=\"summary_large_image\" \/>\n<script type=\"application\/ld+json\" class=\"yoast-schema-graph\">{\"@context\":\"https:\/\/schema.org\",\"@graph\":[{\"@type\":\"WebPage\",\"@id\":\"https:\/\/admirainteriors.com\/ca\/blog\/\",\"url\":\"https:\/\/admirainteriors.com\/ca\/blog\/\",\"name\":\"Blog - Admira Interiors\",\"isPartOf\":{\"@id\":\"https:\/\/admirainteriors.com\/#website\"},\"datePublished\":\"2015-06-29T23:01:13+00:00\",\"dateModified\":\"2024-04-04T09:36:32+00:00\",\"breadcrumb\":{\"@id\":\"https:\/\/admirainteriors.com\/ca\/blog\/#breadcrumb\"},\"inLanguage\":\"ca\",\"potentialAction\":[{\"@type\":\"ReadAction\",\"target\":[\"https:\/\/admirainteriors.com\/ca\/blog\/\"]}]},{\"@type\":\"BreadcrumbList\",\"@id\":\"https:\/\/admirainteriors.com\/ca\/blog\/#breadcrumb\",\"itemListElement\":[{\"@type\":\"ListItem\",\"position\":1,\"name\":\"Portada\",\"item\":\"https:\/\/admirainteriors.com\/ca\/inicio-cloned\/\"},{\"@type\":\"ListItem\",\"position\":2,\"name\":\"Blog\"}]},{\"@type\":\"WebSite\",\"@id\":\"https:\/\/admirainteriors.com\/#website\",\"url\":\"https:\/\/admirainteriors.com\/\",\"name\":\"Admira Interiors\",\"description\":\"Interiorismo, Homestaging, venta y alquiler de pisos\",\"potentialAction\":[{\"@type\":\"SearchAction\",\"target\":{\"@type\":\"EntryPoint\",\"urlTemplate\":\"https:\/\/admirainteriors.com\/?s={search_term_string}\"},\"query-input\":\"required name=search_term_string\"}],\"inLanguage\":\"ca\"}]}<\/script>\n<!-- \/ Yoast SEO plugin. -->","yoast_head_json":{"title":"Blog - Admira Interiors","robots":{"index":"index","follow":"follow","max-snippet":"max-snippet:-1","max-image-preview":"max-image-preview:large","max-video-preview":"max-video-preview:-1"},"canonical":"https:\/\/admirainteriors.com\/ca\/blog\/","og_locale":"ca_ES","og_type":"article","og_title":"Blog - Admira Interiors","og_url":"https:\/\/admirainteriors.com\/ca\/blog\/","og_site_name":"Admira Interiors","article_modified_time":"2024-04-04T09:36:32+00:00","twitter_card":"summary_large_image","schema":{"@context":"https:\/\/schema.org","@graph":[{"@type":"WebPage","@id":"https:\/\/admirainteriors.com\/ca\/blog\/","url":"https:\/\/admirainteriors.com\/ca\/blog\/","name":"Blog - Admira Interiors","isPartOf":{"@id":"https:\/\/admirainteriors.com\/#website"},"datePublished":"2015-06-29T23:01:13+00:00","dateModified":"2024-04-04T09:36:32+00:00","breadcrumb":{"@id":"https:\/\/admirainteriors.com\/ca\/blog\/#breadcrumb"},"inLanguage":"ca","potentialAction":[{"@type":"ReadAction","target":["https:\/\/admirainteriors.com\/ca\/blog\/"]}]},{"@type":"BreadcrumbList","@id":"https:\/\/admirainteriors.com\/ca\/blog\/#breadcrumb","itemListElement":[{"@type":"ListItem","position":1,"name":"Portada","item":"https:\/\/admirainteriors.com\/ca\/inicio-cloned\/"},{"@type":"ListItem","position":2,"name":"Blog"}]},{"@type":"WebSite","@id":"https:\/\/admirainteriors.com\/#website","url":"https:\/\/admirainteriors.com\/","name":"Admira Interiors","description":"Interiorismo, Homestaging, venta y alquiler de pisos","potentialAction":[{"@type":"SearchAction","target":{"@type":"EntryPoint","urlTemplate":"https:\/\/admirainteriors.com\/?s={search_term_string}"},"query-input":"required name=search_term_string"}],"inLanguage":"ca"}]}},"_links":{"self":[{"href":"https:\/\/admirainteriors.com\/ca\/wp-json\/wp\/v2\/pages\/4528","targetHints":{"allow":["GET"]}}],"collection":[{"href":"https:\/\/admirainteriors.com\/ca\/wp-json\/wp\/v2\/pages"}],"about":[{"href":"https:\/\/admirainteriors.com\/ca\/wp-json\/wp\/v2\/types\/page"}],"author":[{"embeddable":true,"href":"https:\/\/admirainteriors.com\/ca\/wp-json\/wp\/v2\/users\/1"}],"replies":[{"embeddable":true,"href":"https:\/\/admirainteriors.com\/ca\/wp-json\/wp\/v2\/comments?post=4528"}],"version-history":[{"count":1,"href":"https:\/\/admirainteriors.com\/ca\/wp-json\/wp\/v2\/pages\/4528\/revisions"}],"predecessor-version":[{"id":4529,"href":"https:\/\/admirainteriors.com\/ca\/wp-json\/wp\/v2\/pages\/4528\/revisions\/4529"}],"wp:attachment":[{"href":"https:\/\/admirainteriors.com\/ca\/wp-json\/wp\/v2\/media?parent=4528"}],"curies":[{"name":"wp","href":"https:\/\/api.w.org\/{rel}","templated":true}]}}